{"id":791,"date":"2016-05-11T13:49:10","date_gmt":"2016-05-11T11:49:10","guid":{"rendered":"http:\/\/wpoffice\/enfold-fitness\/?page_id=515"},"modified":"2023-07-27T16:20:17","modified_gmt":"2023-07-27T14:20:17","slug":"chi-siamo","status":"publish","type":"page","link":"https:\/\/www.garaffimoto.it\/?page_id=791","title":{"rendered":"Chi Siamo"},"content":{"rendered":"<div id='full_slider_1'  class='avia-fullwidth-slider main_color avia-shadow   avia-builder-el-0  el_before_av_section  avia-builder-el-first   container_wrap sidebar_right'  >\n<style type=\"text\/css\" data-created_by=\"avia_inline_auto\" id=\"style-css-av-y818a-ad33f53a6826b48f67c7a976f8189012\">\n#top #wrap_all .avia-slideshow .av-slideshow-caption.av-y818a-ad33f53a6826b48f67c7a976f8189012__0 .avia-caption-title{\nfont-size:70px;\n}\n#top .avia-slideshow .av-slideshow-caption.av-y818a-ad33f53a6826b48f67c7a976f8189012__0 .avia-caption-content{\nfont-size:38px;\n}\n#top .avia-slideshow .av-slideshow-caption.av-y818a-ad33f53a6826b48f67c7a976f8189012__0 .avia-caption-content p{\nfont-size:38px;\n}\n<\/style>\n<div  class='avia-slideshow av-y818a-ad33f53a6826b48f67c7a976f8189012 avia-slideshow-featured av_slideshow_full avia-slide_up-slider av-slideshow-ui av-control-minimal av-slideshow-autoplay av-loop-endless av-loop-manual-endless av-default-height-applied   avia-slideshow-1' data-slideshow-options=\"{&quot;animation&quot;:&quot;slide_up&quot;,&quot;autoplay&quot;:true,&quot;loop_autoplay&quot;:&quot;endless&quot;,&quot;interval&quot;:4,&quot;loop_manual&quot;:&quot;manual-endless&quot;,&quot;autoplay_stopper&quot;:false,&quot;noNavigation&quot;:false,&quot;bg_slider&quot;:false,&quot;keep_padding&quot;:false,&quot;hoverpause&quot;:false,&quot;show_slide_delay&quot;:0}\"  itemprop=\"image\" itemscope=\"itemscope\" itemtype=\"https:\/\/schema.org\/ImageObject\" ><ul class='avia-slideshow-inner ' style='padding-bottom: 28.666666666667%;'><li  class='avia-slideshow-slide av-y818a-ad33f53a6826b48f67c7a976f8189012__0  av-single-slide slide-1 slide-odd'><div data-rel='slideshow-1' class='avia-slide-wrap '   ><div class='av-slideshow-caption av-y818a-ad33f53a6826b48f67c7a976f8189012__0 caption_fullwidth caption_center'><div class=\"container caption_container\"><div class=\"slideshow_caption\"><div class=\"slideshow_inner_caption\"><div class=\"slideshow_align_caption\"><h2 class='avia-caption-title '  itemprop=\"name\" >Chi siamo<\/h2><div class='avia-caption-content '  itemprop=\"description\" ><p>I passi fondamentali della nostra storia<\/p>\n<\/div><\/div><\/div><\/div><\/div><\/div><img decoding=\"async\" fetchpriority=\"high\" class=\"wp-image-979 avia-img-lazy-loading-not-979\"  src=\"https:\/\/www.garaffimoto.it\/wp-content\/uploads\/2019\/01\/garaffimoto_hero_mvagusta-1-1-1500x430.jpg\" width=\"1500\" height=\"430\" title='garaffimoto_hero_mvagusta (1)' alt=''  itemprop=\"thumbnailUrl\"  style='min-height:80PX; min-width:280px; ' \/><div class='av-section-color-overlay' style='opacity: 0.4; background-color: #0a0a0a; '><\/div><\/div><\/li><\/ul><\/div><\/div>\n<div id='av_section_1'  class='avia-section av-4vs8yv-5823d89103224af922df17b2be02702e main_color avia-section-large avia-no-border-styling  avia-builder-el-1  el_after_av_slideshow_full  el_before_av_layout_row  avia-bg-style-scroll container_wrap sidebar_right'  ><div class='container av-section-cont-open' ><div class='template-page content  av-content-small alpha units'><div class='post-entry post-entry-type-page post-entry-791'><div class='entry-content-wrapper clearfix'>\n\n<style type=\"text\/css\" data-created_by=\"avia_inline_auto\" id=\"style-css-av-g1k9z-c32f879c85ee7e567a6766a65c5c1eba\">\n#top .av-special-heading.av-g1k9z-c32f879c85ee7e567a6766a65c5c1eba{\npadding-bottom:30px;\nfont-size:70px;\n}\nbody .av-special-heading.av-g1k9z-c32f879c85ee7e567a6766a65c5c1eba .av-special-heading-tag .heading-char{\nfont-size:25px;\n}\n#top #wrap_all .av-special-heading.av-g1k9z-c32f879c85ee7e567a6766a65c5c1eba .av-special-heading-tag{\nfont-size:70px;\n}\n.av-special-heading.av-g1k9z-c32f879c85ee7e567a6766a65c5c1eba .av-subheading{\nfont-size:15px;\n}\n\n@media only screen and (min-width: 480px) and (max-width: 767px){ \n#top #wrap_all .av-special-heading.av-g1k9z-c32f879c85ee7e567a6766a65c5c1eba .av-special-heading-tag{\nfont-size:0.8em;\n}\n}\n\n@media only screen and (max-width: 479px){ \n#top #wrap_all .av-special-heading.av-g1k9z-c32f879c85ee7e567a6766a65c5c1eba .av-special-heading-tag{\nfont-size:0.8em;\n}\n}\n<\/style>\n<div  class='av-special-heading av-g1k9z-c32f879c85ee7e567a6766a65c5c1eba av-special-heading-h1 blockquote modern-quote  avia-builder-el-2  el_before_av_one_half  avia-builder-el-first  av-inherit-size'><h1 class='av-special-heading-tag '  itemprop=\"headline\"  >Tutto nasce nel 1973&#8230;<\/h1><div class=\"special-heading-border\"><div class=\"special-heading-inner-border\"><\/div><\/div><\/div>\n<div class='flex_column_table av-4hhzun-677a9ec9643d0805bcb1b0867a403b33 sc-av_one_half av-equal-height-column-flextable'>\n<style type=\"text\/css\" data-created_by=\"avia_inline_auto\" id=\"style-css-av-4hhzun-677a9ec9643d0805bcb1b0867a403b33\">\n.flex_column.av-4hhzun-677a9ec9643d0805bcb1b0867a403b33{\nborder-radius:0px 0px 0px 0px;\npadding:0px 0px 0px 0px;\n}\n<\/style>\n<div  class='flex_column av-4hhzun-677a9ec9643d0805bcb1b0867a403b33 av_one_half  avia-builder-el-3  el_after_av_heading  el_before_av_one_half  first flex_column_table_cell av-equal-height-column av-align-top av-animated-generic left-to-right av-zero-column-padding  '     ><section  class='av_textblock_section av-4ecdkn-db39b248d499a02cfafff5b3dcb5903e '   itemscope=\"itemscope\" itemtype=\"https:\/\/schema.org\/CreativeWork\" ><div class='avia_textblock'  itemprop=\"text\" ><div class=\"page\" title=\"Page 1\">\n<div class=\"layoutArea\">\n<div class=\"column\">\n<p>&#8230;in una piccola officina di riparazione moto aperta da Florio Garaffi in Viale Marconi a Poggibonsi.<\/p>\n<p>Il primo grande passo che ha trasformato l\u2019attivit\u00e0 da una semplice officina ad una concessionaria avviene nel 1979, quando Florio si \u00e8 presentato da spettatore ad una gara di Campionato Italiano Motocross la quale ha scaturito una grande curiosit\u00e0 diventata prima passione e poi lavoro grazie alla collaborazione con la storica famiglia <strong>Castiglioni<\/strong>, quindi con il marchio <strong>Cagiva<\/strong> di conseguenza <strong>Ducati<\/strong>, <strong>Husqvarna<\/strong> ed <strong>Mv Agusta<\/strong>. Nei primi anni di attivit\u00e0 un altro affascinante marchio del motociclismo italiano si lega alla nostra realt\u00e0 con un sodalizio che dura nel tempo, <strong>Fantic Motor<\/strong>.<\/p>\n<\/div>\n<\/div>\n<\/div>\n<\/div><\/section><br \/>\n\n<style type=\"text\/css\" data-created_by=\"avia_inline_auto\" id=\"style-css-av-46pmdb-4ff36d691c71e73dc34d16989779d58b\">\n#top .hr.hr-invisible.av-46pmdb-4ff36d691c71e73dc34d16989779d58b{\nheight:30px;\n}\n<\/style>\n<div  class='hr av-46pmdb-4ff36d691c71e73dc34d16989779d58b hr-invisible  avia-builder-el-5  el_after_av_textblock  avia-builder-el-last '><span class='hr-inner '><span class=\"hr-inner-style\"><\/span><\/span><\/div><\/p><\/div><div class='av-flex-placeholder'><\/div>\n<style type=\"text\/css\" data-created_by=\"avia_inline_auto\" id=\"style-css-av-3vcr8f-98d8b25c58985924d9f7291fdc303660\">\n.flex_column.av-3vcr8f-98d8b25c58985924d9f7291fdc303660{\nborder-radius:0px 0px 0px 0px;\npadding:0px 0px 0px 0px;\n}\n<\/style>\n<div  class='flex_column av-3vcr8f-98d8b25c58985924d9f7291fdc303660 av_one_half  avia-builder-el-6  el_after_av_one_half  avia-builder-el-last  flex_column_table_cell av-equal-height-column av-align-top av-animated-generic right-to-left av-zero-column-padding  '     ><p><section  class='av_textblock_section av-3nv6rb-da8dc15e8541cbd739bd986756dd9ebf '   itemscope=\"itemscope\" itemtype=\"https:\/\/schema.org\/CreativeWork\" ><div class='avia_textblock'  itemprop=\"text\" ><p>Sempre nella prima e storica sede di Viale Marconi, negli anni \u201980 le esigenze del momento, hanno portato ad ampliare le nostre proposte di vendita, arriva cos\u00ec l\u2019accordo con la prima delle case giapponesi che \u00e8 <strong>Suzuki<\/strong>, \u201cmatrimonio\u201d che durer\u00e0 pi\u00f9 di dieci anni il quale ci ha permesso di proporre alla nostra clientela una vera e propria rivoluzione nel mondo delle due ruote.<\/p>\n<p>Aumentando cos\u00ec l\u2019indotto di veicoli, ricambi ed accessori, arriva l\u2019esigenza di ampliare gli spazzi, nel 1988 avviene un vero e proprio cambio epocale con l\u2019acquisizione del nuovo ed attuale punto vendita di Via Senese 64\/66, raddoppiando di fatto le aree espositive, officina e magazzino ricambi.<\/p>\n<\/div><\/section><br \/>\n\n<style type=\"text\/css\" data-created_by=\"avia_inline_auto\" id=\"style-css-av-3los87-8fbe0994c0d653c9773ec133f12d69a9\">\n#top .hr.hr-invisible.av-3los87-8fbe0994c0d653c9773ec133f12d69a9{\nheight:30px;\n}\n<\/style>\n<div  class='hr av-3los87-8fbe0994c0d653c9773ec133f12d69a9 hr-invisible  avia-builder-el-8  el_after_av_textblock  avia-builder-el-last '><span class='hr-inner '><span class=\"hr-inner-style\"><\/span><\/span><\/div><\/p><\/div><\/div><!--close column table wrapper. Autoclose: 1 --><\/div><\/div><\/div><!-- close content main div --><\/div><\/div><div id='av-layout-grid-1'  class='av-layout-grid-container av-34t8bb-e085c046295b1ac38769fd0c03157567 entry-content-wrapper alternate_color av-flex-cells  avia-builder-el-9  el_after_av_section  el_before_av_section  grid-row-not-first  container_wrap sidebar_right'  >\n\n<style type=\"text\/css\" data-created_by=\"avia_inline_auto\" id=\"style-css-av-2ygsjr-8c3e905a07a19fc70962ecc4bbdeb062\">\n.flex_cell.av-2ygsjr-8c3e905a07a19fc70962ecc4bbdeb062{\nvertical-align:middle;\n}\n.responsive #top #wrap_all .flex_cell.av-2ygsjr-8c3e905a07a19fc70962ecc4bbdeb062{\npadding:0px 0px 0px 0px !important;\n}\n<\/style>\n<div class='flex_cell av-2ygsjr-8c3e905a07a19fc70962ecc4bbdeb062 av-gridrow-cell av_one_half no_margin  avia-builder-el-10  el_before_av_cell_one_half  avia-builder-el-first  content-align-middle av-zero-padding avia-full-stretch'  ><div class='flex_cell_inner'>\n<style type=\"text\/css\" data-created_by=\"avia_inline_auto\" id=\"style-css-av-371dcf-1dda8b548fe936e96f25554f85728138\">\n#top .av-masonry.av-371dcf-1dda8b548fe936e96f25554f85728138{\nbackground-color:#191919;\n}\n<\/style>\n<div id='av-masonry-1' class='av-masonry av-371dcf-1dda8b548fe936e96f25554f85728138 noHover av-fixed-size av-large-gap av-hover-overlay-active av-masonry-animation-active av-masonry-col-3 av-caption-always av-caption-style- av-masonry-gallery ' data-post_id=\"791\"><div class=\"av-masonry-container isotope av-js-disabled\"><div class='av-masonry-entry isotope-item av-masonry-item-no-image '><\/div><a href=\"https:\/\/www.garaffimoto.it\/wp-content\/uploads\/2018\/09\/box-giacche-3-mod.jpg\" data-srcset=\"https:\/\/www.garaffimoto.it\/wp-content\/uploads\/2018\/09\/box-giacche-3-mod.jpg 385w, https:\/\/www.garaffimoto.it\/wp-content\/uploads\/2018\/09\/box-giacche-3-mod-300x195.jpg 300w\" data-sizes=\"(max-width: 385px) 100vw, 385px\"  aria-label=\"immagine box-giacche-3-mod\"  id='av-masonry-1-item-892' data-av-masonry-item='892' class='av-masonry-entry isotope-item post-892 attachment type-attachment status-inherit hentry  av-masonry-item-with-image' title=\"box-giacche-3-mod\" alt=\"\"    itemprop=\"thumbnailUrl\" ><div class='av-inner-masonry-sizer'><\/div><figure class='av-inner-masonry main_color'><div class=\"av-masonry-outerimage-container\"><div class='av-masonry-image-container' style=\"background-image: url(https:\/\/www.garaffimoto.it\/wp-content\/uploads\/2018\/09\/box-giacche-3-mod.jpg);\"  title=\"box-giacche-3-mod\" ><\/div><\/div><\/figure><\/a><!--end av-masonry entry--><a href=\"https:\/\/www.garaffimoto.it\/wp-content\/uploads\/2018\/09\/vehicle-motorbike-motorcycle-headlight-1030x687.jpg\" data-srcset=\"https:\/\/www.garaffimoto.it\/wp-content\/uploads\/2018\/09\/vehicle-motorbike-motorcycle-headlight-1030x687.jpg 1030w, https:\/\/www.garaffimoto.it\/wp-content\/uploads\/2018\/09\/vehicle-motorbike-motorcycle-headlight-600x400.jpg 600w, https:\/\/www.garaffimoto.it\/wp-content\/uploads\/2018\/09\/vehicle-motorbike-motorcycle-headlight-300x200.jpg 300w, https:\/\/www.garaffimoto.it\/wp-content\/uploads\/2018\/09\/vehicle-motorbike-motorcycle-headlight-768x512.jpg 768w, https:\/\/www.garaffimoto.it\/wp-content\/uploads\/2018\/09\/vehicle-motorbike-motorcycle-headlight-1500x1000.jpg 1500w, https:\/\/www.garaffimoto.it\/wp-content\/uploads\/2018\/09\/vehicle-motorbike-motorcycle-headlight-705x470.jpg 705w, https:\/\/www.garaffimoto.it\/wp-content\/uploads\/2018\/09\/vehicle-motorbike-motorcycle-headlight.jpg 1920w\" data-sizes=\"(max-width: 1030px) 100vw, 1030px\"  aria-label=\"immagine vehicle-motorbike-motorcycle-headlight\"  id='av-masonry-1-item-844' data-av-masonry-item='844' class='av-masonry-entry isotope-item post-844 attachment type-attachment status-inherit hentry  av-masonry-item-with-image' title=\"vehicle-motorbike-motorcycle-headlight\" alt=\"\"    itemprop=\"thumbnailUrl\" ><div class='av-inner-masonry-sizer'><\/div><figure class='av-inner-masonry main_color'><div class=\"av-masonry-outerimage-container\"><div class='av-masonry-image-container' style=\"background-image: url(https:\/\/www.garaffimoto.it\/wp-content\/uploads\/2018\/09\/vehicle-motorbike-motorcycle-headlight-705x470.jpg);\"  title=\"vehicle-motorbike-motorcycle-headlight\" ><\/div><\/div><\/figure><\/a><!--end av-masonry entry--><a href=\"https:\/\/www.garaffimoto.it\/wp-content\/uploads\/2018\/09\/black-and-white-blurred-background-bmw-1191146-1030x687.jpg\" data-srcset=\"https:\/\/www.garaffimoto.it\/wp-content\/uploads\/2018\/09\/black-and-white-blurred-background-bmw-1191146-1030x687.jpg 1030w, https:\/\/www.garaffimoto.it\/wp-content\/uploads\/2018\/09\/black-and-white-blurred-background-bmw-1191146-600x400.jpg 600w, https:\/\/www.garaffimoto.it\/wp-content\/uploads\/2018\/09\/black-and-white-blurred-background-bmw-1191146-300x200.jpg 300w, https:\/\/www.garaffimoto.it\/wp-content\/uploads\/2018\/09\/black-and-white-blurred-background-bmw-1191146-768x512.jpg 768w, https:\/\/www.garaffimoto.it\/wp-content\/uploads\/2018\/09\/black-and-white-blurred-background-bmw-1191146-1500x1000.jpg 1500w, https:\/\/www.garaffimoto.it\/wp-content\/uploads\/2018\/09\/black-and-white-blurred-background-bmw-1191146-705x470.jpg 705w\" data-sizes=\"(max-width: 1030px) 100vw, 1030px\"  aria-label=\"immagine black-and-white-blurred-background-bmw-1191146\"  id='av-masonry-1-item-846' data-av-masonry-item='846' class='av-masonry-entry isotope-item post-846 attachment type-attachment status-inherit hentry  av-masonry-item-with-image' title=\"black-and-white-blurred-background-bmw-1191146\" alt=\"\"    itemprop=\"thumbnailUrl\" ><div class='av-inner-masonry-sizer'><\/div><figure class='av-inner-masonry main_color'><div class=\"av-masonry-outerimage-container\"><div class='av-masonry-image-container' style=\"background-image: url(https:\/\/www.garaffimoto.it\/wp-content\/uploads\/2018\/09\/black-and-white-blurred-background-bmw-1191146-705x470.jpg);\"  title=\"black-and-white-blurred-background-bmw-1191146\" ><\/div><\/div><\/figure><\/a><!--end av-masonry entry--><\/div><\/div>\n<\/div><\/div>\n<style type=\"text\/css\" data-created_by=\"avia_inline_auto\" id=\"style-css-av-2qnvw7-e81468d2923af05deb476c4361c477e8\">\n.flex_cell.av-2qnvw7-e81468d2923af05deb476c4361c477e8{\nvertical-align:middle;\n}\n.responsive #top #wrap_all .flex_cell.av-2qnvw7-e81468d2923af05deb476c4361c477e8{\npadding:100px 100px 100px 100px !important;\n}\n<\/style>\n<div class='flex_cell av-2qnvw7-e81468d2923af05deb476c4361c477e8 av-gridrow-cell av_one_half no_margin  avia-builder-el-12  el_after_av_cell_one_half  avia-builder-el-last  content-align-middle'  ><div class='flex_cell_inner'><p>\n<style type=\"text\/css\" data-created_by=\"avia_inline_auto\" id=\"style-css-av-a8udz-3074c1cbfa76bdfa5cd37d7f1de7f89a\">\n#top .av-special-heading.av-a8udz-3074c1cbfa76bdfa5cd37d7f1de7f89a{\npadding-bottom:20px;\nfont-size:50px;\n}\nbody .av-special-heading.av-a8udz-3074c1cbfa76bdfa5cd37d7f1de7f89a .av-special-heading-tag .heading-char{\nfont-size:25px;\n}\n#top #wrap_all .av-special-heading.av-a8udz-3074c1cbfa76bdfa5cd37d7f1de7f89a .av-special-heading-tag{\nfont-size:50px;\n}\n.av-special-heading.av-a8udz-3074c1cbfa76bdfa5cd37d7f1de7f89a .av-subheading{\nfont-size:15px;\n}\n\n@media only screen and (min-width: 480px) and (max-width: 767px){ \n#top #wrap_all .av-special-heading.av-a8udz-3074c1cbfa76bdfa5cd37d7f1de7f89a .av-special-heading-tag{\nfont-size:0.8em;\n}\n}\n\n@media only screen and (max-width: 479px){ \n#top #wrap_all .av-special-heading.av-a8udz-3074c1cbfa76bdfa5cd37d7f1de7f89a .av-special-heading-tag{\nfont-size:0.8em;\n}\n}\n<\/style>\n<div  class='av-special-heading av-a8udz-3074c1cbfa76bdfa5cd37d7f1de7f89a av-special-heading-h2 blockquote modern-quote  avia-builder-el-13  el_before_av_textblock  avia-builder-el-first  av-thin-font av-inherit-size'><h2 class='av-special-heading-tag '  itemprop=\"headline\"  >Lo spirito Racing<strong>&#8230;<\/strong><\/h2><div class=\"special-heading-border\"><div class=\"special-heading-inner-border\"><\/div><\/div><\/div><br \/>\n<section  class='av_textblock_section av-8qupr-334e64e783a5cd84ce1efe6d3741e249 '   itemscope=\"itemscope\" itemtype=\"https:\/\/schema.org\/CreativeWork\" ><div class='avia_textblock'  itemprop=\"text\" ><p>&#8230; ha sempre fatto parte del nostro DNA, abbaiamo partecipato con i nostri piloti a molti campionati, fin dei primi anni \u201980 nel mondo del motocross regionale, passando poi per la velocit\u00e0 partecipando dal 1988 al 1993 al Campionato Italiano Sportproduction ed al trofeo monomarca Suzuki. A seguire \u00e8 stato notevole il nostro impegno nel Supermotard, che ci ha lusingato di vari titoli. Fondamentale \u00e8 l\u2019attivit\u00e0 che fino ad oggi ci contraddistingue nel mondo dell\u2019enduro, e la collaborazione con Husqvarna, grazie al sodalizio con piloti di grande calibro e l\u2019esperienza dei nostri tecnici nella disciplina ci da l\u2019onore di aver conquistato un Campionato del mondo Veteran, moltissimi titoli Italiani individuali, trofei Husqvarna e Campionati Regionali.<\/p>\n<\/div><\/section><\/p>\n<\/div><\/div><\/div>\n<style type=\"text\/css\" data-created_by=\"avia_inline_auto\" id=\"style-css-av-27fb0v-f40293fbd9b7ebfad3b0eb8735c2f61b\">\n.avia-section.av-27fb0v-f40293fbd9b7ebfad3b0eb8735c2f61b .av-section-color-overlay{\nopacity:0.8;\nbackground-color:#000000;\n}\n<\/style>\n<div id='av_section_2'  class='avia-section av-27fb0v-f40293fbd9b7ebfad3b0eb8735c2f61b alternate_color avia-section-huge avia-no-border-styling  avia-builder-el-15  el_after_av_layout_row  el_before_av_section  avia-bg-style-fixed av-section-color-overlay-active container_wrap sidebar_right'  ><div class=\"av-section-color-overlay-wrap\"><div class=\"av-section-color-overlay\"><\/div><div class='container av-section-cont-open' ><div class='template-page content  av-content-small alpha units'><div class='post-entry post-entry-type-page post-entry-791'><div class='entry-content-wrapper clearfix'>\n\n<style type=\"text\/css\" data-created_by=\"avia_inline_auto\" id=\"style-css-av-223mk7-20bb335ae008a856b3b207abbd172e87\">\n.flex_column.av-223mk7-20bb335ae008a856b3b207abbd172e87{\nborder-radius:0px 0px 0px 0px;\npadding:0px 0px 0px 0px;\n}\n<\/style>\n<div  class='flex_column av-223mk7-20bb335ae008a856b3b207abbd172e87 av_one_fifth  avia-builder-el-16  el_before_av_three_fifth  avia-builder-el-first  first flex_column_div av-zero-column-padding  '     ><\/div>\n<style type=\"text\/css\" data-created_by=\"avia_inline_auto\" id=\"style-css-av-1vm1lz-16f72da27d7eb0a87be9a3986e9ad7f1\">\n.flex_column.av-1vm1lz-16f72da27d7eb0a87be9a3986e9ad7f1{\nborder-radius:0px 0px 0px 0px;\npadding:0px 0px 0px 0px;\n}\n<\/style>\n<div  class='flex_column av-1vm1lz-16f72da27d7eb0a87be9a3986e9ad7f1 av_three_fifth  avia-builder-el-17  el_after_av_one_fifth  el_before_av_one_fifth  flex_column_div av-animated-generic bottom-to-top av-zero-column-padding  '     ><p>\n<style type=\"text\/css\" data-created_by=\"avia_inline_auto\" id=\"style-css-av-evylb-b12008f719871df9ea1bb737a90ff3cc\">\n#top .av-special-heading.av-evylb-b12008f719871df9ea1bb737a90ff3cc{\npadding-bottom:20px;\nfont-size:50px;\n}\nbody .av-special-heading.av-evylb-b12008f719871df9ea1bb737a90ff3cc .av-special-heading-tag .heading-char{\nfont-size:25px;\n}\n#top #wrap_all .av-special-heading.av-evylb-b12008f719871df9ea1bb737a90ff3cc .av-special-heading-tag{\nfont-size:50px;\n}\n.av-special-heading.av-evylb-b12008f719871df9ea1bb737a90ff3cc .av-subheading{\nfont-size:15px;\n}\n\n@media only screen and (min-width: 480px) and (max-width: 767px){ \n#top #wrap_all .av-special-heading.av-evylb-b12008f719871df9ea1bb737a90ff3cc .av-special-heading-tag{\nfont-size:0.8em;\n}\n}\n\n@media only screen and (max-width: 479px){ \n#top #wrap_all .av-special-heading.av-evylb-b12008f719871df9ea1bb737a90ff3cc .av-special-heading-tag{\nfont-size:0.8em;\n}\n}\n<\/style>\n<div  class='av-special-heading av-evylb-b12008f719871df9ea1bb737a90ff3cc av-special-heading-h1 blockquote modern-quote modern-centered  avia-builder-el-18  el_before_av_textblock  avia-builder-el-first  av-thin-font av-inherit-size'><h1 class='av-special-heading-tag '  itemprop=\"headline\"  >e dopo<strong>&#8230;<\/strong><\/h1><div class=\"special-heading-border\"><div class=\"special-heading-inner-border\"><\/div><\/div><\/div><br \/>\n<section  class='av_textblock_section av-1jc9af-f406be20033532182d054d1ba00fa9a6 '   itemscope=\"itemscope\" itemtype=\"https:\/\/schema.org\/CreativeWork\" ><div class='avia_textblock'  itemprop=\"text\" ><p>Fondamentale per la nostra storia \u00e8 stato il connubio ventennale con <strong>Kawasaki<\/strong>, dal 2000 al 2020 che ci ha onorato di fantastici risultati nelle vendite in un periodo di enorme esplosione del mondo delle naked.<\/p>\n<p><strong>Kymco<\/strong> \u00e8 il nostro brand di riferimento da oltre venti anni per il modo degli scooter e non solo.<\/p>\n<p>Ad oggi i nostri partner sono <strong>Husqvarna<\/strong>, <strong>Fantic Motor<\/strong>, <strong>Kymco<\/strong> ed i nuovi arrivati <strong>GASGAS<\/strong> e <strong>Royal Enfield<\/strong>, le nostre proposte sono varie nella tipologia di veicoli e di ideali per l\u2019utilizzo delle due ruote, tutto questo per cercare di dare al cliente sempre una vasta scelta e di seguirlo nella giusta direzione, con una assistenza certificata e professionale.<\/p>\n<\/div><\/section><\/p><\/div>\n<style type=\"text\/css\" data-created_by=\"avia_inline_auto\" id=\"style-css-av-1duu1b-b0aca21c60f57f55998b30c4215bbf66\">\n.flex_column.av-1duu1b-b0aca21c60f57f55998b30c4215bbf66{\nborder-radius:0px 0px 0px 0px;\npadding:0px 0px 0px 0px;\n}\n<\/style>\n<div  class='flex_column av-1duu1b-b0aca21c60f57f55998b30c4215bbf66 av_one_fifth  avia-builder-el-20  el_after_av_three_fifth  avia-builder-el-last  flex_column_div av-zero-column-padding  '     ><\/div><\/div><\/div><\/div><!-- close content main div --><\/div><\/div><\/div><div id='av_section_3'  class='avia-section av-4vs8yv-8-4e0c723566852085e629523aac0d048e main_color avia-section-large avia-no-border-styling  avia-builder-el-21  el_after_av_section  avia-builder-el-last  avia-bg-style-scroll container_wrap sidebar_right'  ><div class='container av-section-cont-open' ><div class='template-page content  av-content-small alpha units'><div class='post-entry post-entry-type-page post-entry-791'><div class='entry-content-wrapper clearfix'>\n\n<style type=\"text\/css\" data-created_by=\"avia_inline_auto\" id=\"style-css-av-87k9r-1dbab42f5e9517bcaa215f75b3695520\">\n#top .av-special-heading.av-87k9r-1dbab42f5e9517bcaa215f75b3695520{\npadding-bottom:30px;\nfont-size:70px;\n}\nbody .av-special-heading.av-87k9r-1dbab42f5e9517bcaa215f75b3695520 .av-special-heading-tag .heading-char{\nfont-size:25px;\n}\n#top #wrap_all .av-special-heading.av-87k9r-1dbab42f5e9517bcaa215f75b3695520 .av-special-heading-tag{\nfont-size:70px;\n}\n.av-special-heading.av-87k9r-1dbab42f5e9517bcaa215f75b3695520 .av-subheading{\nfont-size:15px;\n}\n\n@media only screen and (min-width: 480px) and (max-width: 767px){ \n#top #wrap_all .av-special-heading.av-87k9r-1dbab42f5e9517bcaa215f75b3695520 .av-special-heading-tag{\nfont-size:0.8em;\n}\n}\n\n@media only screen and (max-width: 479px){ \n#top #wrap_all .av-special-heading.av-87k9r-1dbab42f5e9517bcaa215f75b3695520 .av-special-heading-tag{\nfont-size:0.8em;\n}\n}\n<\/style>\n<div  class='av-special-heading av-87k9r-1dbab42f5e9517bcaa215f75b3695520 av-special-heading-h1 blockquote modern-quote  avia-builder-el-22  el_before_av_one_half  avia-builder-el-first  av-thin-font av-inherit-size'><h1 class='av-special-heading-tag '  itemprop=\"headline\"  >La passione<strong>&#8230;<\/strong><\/h1><div class=\"special-heading-border\"><div class=\"special-heading-inner-border\"><\/div><\/div><\/div>\n<div class='flex_column_table av-4hhzun-7-944ba03821a067716e499dd26be52e90 sc-av_one_half av-equal-height-column-flextable'>\n<style type=\"text\/css\" data-created_by=\"avia_inline_auto\" id=\"style-css-av-4hhzun-7-944ba03821a067716e499dd26be52e90\">\n.flex_column.av-4hhzun-7-944ba03821a067716e499dd26be52e90{\nborder-radius:0px 0px 0px 0px;\npadding:0px 0px 0px 0px;\n}\n<\/style>\n<div  class='flex_column av-4hhzun-7-944ba03821a067716e499dd26be52e90 av_one_half  avia-builder-el-23  el_after_av_heading  el_before_av_one_half  first flex_column_table_cell av-equal-height-column av-align-top av-animated-generic left-to-right av-zero-column-padding  '     ><p><section  class='av_textblock_section av-4ecdkn-6-199b3ff804c08fefcd1237505a7aeb7a '   itemscope=\"itemscope\" itemtype=\"https:\/\/schema.org\/CreativeWork\" ><div class='avia_textblock'  itemprop=\"text\" ><p><span style=\"font-family: Verdana, sans-serif;\">&#8230;per questo affascinante mondo a due ruote, ci da lo spirito per essere a disposizione ancora oggi di tutti nostri clienti dalla <strong>vendita moto<\/strong>, <strong>abbigliamento<\/strong> e <strong>accessori<\/strong> all&#8217;<strong>officina con personale qualificato<\/strong>, per rendere lieto il divertimento e la passione che ci accomuna.<\/span><\/p>\n<\/div><\/section><br \/>\n\n<style type=\"text\/css\" data-created_by=\"avia_inline_auto\" id=\"style-css-av-46pmdb-5-d92ad9c0bcf2d707df34bc9373fee83a\">\n#top .hr.hr-invisible.av-46pmdb-5-d92ad9c0bcf2d707df34bc9373fee83a{\nheight:30px;\n}\n<\/style>\n<div  class='hr av-46pmdb-5-d92ad9c0bcf2d707df34bc9373fee83a hr-invisible  avia-builder-el-25  el_after_av_textblock  avia-builder-el-last '><span class='hr-inner '><span class=\"hr-inner-style\"><\/span><\/span><\/div><\/p><\/div><div class='av-flex-placeholder'><\/div>\n<style type=\"text\/css\" data-created_by=\"avia_inline_auto\" id=\"style-css-av-3vcr8f-4-2bf371e8f3640544af5e9fbbcc97d0f8\">\n.flex_column.av-3vcr8f-4-2bf371e8f3640544af5e9fbbcc97d0f8{\nborder-radius:0px 0px 0px 0px;\npadding:0px 0px 0px 0px;\n}\n<\/style>\n<div  class='flex_column av-3vcr8f-4-2bf371e8f3640544af5e9fbbcc97d0f8 av_one_half  avia-builder-el-26  el_after_av_one_half  avia-builder-el-last  flex_column_table_cell av-equal-height-column av-align-top av-animated-generic right-to-left av-zero-column-padding  '     ><p><section  class='av_textblock_section av-3nv6rb-3-64549601fa6edf0f50c229d5ecdaad36 '   itemscope=\"itemscope\" itemtype=\"https:\/\/schema.org\/CreativeWork\" ><div class='avia_textblock'  itemprop=\"text\" ><p>Per informazioni e contatti puoi scriverci con il seguente modulo.<\/p>\n<\/div><\/section><br \/>\n<section  class='av_textblock_section av-3nv6rb-1-50ebab17cc6992f91d251eb5b223120a '   itemscope=\"itemscope\" itemtype=\"https:\/\/schema.org\/CreativeWork\" ><div class='avia_textblock'  itemprop=\"text\" >\n<div class=\"wpcf7 no-js\" id=\"wpcf7-f985-o1\" lang=\"it-IT\" dir=\"ltr\" data-wpcf7-id=\"985\">\n<div class=\"screen-reader-response\"><p role=\"status\" aria-live=\"polite\" aria-atomic=\"true\"><\/p> <ul><\/ul><\/div>\n<form action=\"\/index.php?rest_route=%2Fwp%2Fv2%2Fpages%2F791#wpcf7-f985-o1\" method=\"post\" class=\"wpcf7-form init\" aria-label=\"Modulo di contatto\" novalidate=\"novalidate\" data-status=\"init\">\n<fieldset class=\"hidden-fields-container\"><input type=\"hidden\" name=\"_wpcf7\" value=\"985\" \/><input type=\"hidden\" name=\"_wpcf7_version\" value=\"6.1.5\" \/><input type=\"hidden\" name=\"_wpcf7_locale\" value=\"it_IT\" \/><input type=\"hidden\" name=\"_wpcf7_unit_tag\" value=\"wpcf7-f985-o1\" \/><input type=\"hidden\" name=\"_wpcf7_container_post\" value=\"0\" \/><input type=\"hidden\" name=\"_wpcf7_posted_data_hash\" value=\"\" \/>\n<\/fieldset>\n<p><label> Il tuo nome (richiesto)<br \/>\n<span class=\"wpcf7-form-control-wrap\" data-name=\"nome\"><input size=\"40\" maxlength=\"400\" class=\"wpcf7-form-control wpcf7-text wpcf7-validates-as-required\" aria-required=\"true\" aria-invalid=\"false\" value=\"\" type=\"text\" name=\"nome\" \/><\/span> <\/label>\n<\/p>\n<p><label> La tua email (richiesto)<br \/>\n<span class=\"wpcf7-form-control-wrap\" data-name=\"email\"><input size=\"40\" maxlength=\"400\" class=\"wpcf7-form-control wpcf7-email wpcf7-validates-as-required wpcf7-text wpcf7-validates-as-email\" aria-required=\"true\" aria-invalid=\"false\" value=\"\" type=\"email\" name=\"email\" \/><\/span> <\/label>\n<\/p>\n<p><label> Il tuo messaggio<br \/>\n<span class=\"wpcf7-form-control-wrap\" data-name=\"messaggio\"><textarea cols=\"40\" rows=\"3\" maxlength=\"2000\" class=\"wpcf7-form-control wpcf7-textarea\" aria-invalid=\"false\" name=\"messaggio\"><\/textarea><\/span> <\/label>\n<\/p>\n<p><span class=\"wpcf7-form-control-wrap\" data-name=\"consenso-gdpr\"><span class=\"wpcf7-form-control wpcf7-acceptance\"><span class=\"wpcf7-list-item\"><label><input type=\"checkbox\" name=\"consenso-gdpr\" value=\"1\" aria-invalid=\"false\" \/><span class=\"wpcf7-list-item-label\">*consenso alla nostra <a href=\"\/privacy-policy\">Privacy Policy<\/a><\/span><\/label><\/span><\/span><\/span>\n<\/p>\n<div align=\"center\">\n\t<p><input class=\"wpcf7-form-control wpcf7-submit has-spinner\" type=\"submit\" value=\"Invia\" \/>\n\t<\/p>\n<\/div><div class=\"wpcf7-response-output\" aria-hidden=\"true\"><\/div>\n<\/form>\n<\/div>\n\n<\/div><\/section><br \/>\n\n<style type=\"text\/css\" data-created_by=\"avia_inline_auto\" id=\"style-css-av-3los87-2-425841630a7bd7b35d52b72cb19935c0\">\n#top .hr.hr-invisible.av-3los87-2-425841630a7bd7b35d52b72cb19935c0{\nheight:30px;\n}\n<\/style>\n<div  class='hr av-3los87-2-425841630a7bd7b35d52b72cb19935c0 hr-invisible  avia-builder-el-29  el_after_av_textblock  avia-builder-el-last '><span class='hr-inner '><span class=\"hr-inner-style\"><\/span><\/span><\/div><\/p><\/div><\/div><!--close column table wrapper. Autoclose: 1 -->\n<\/div><\/div><\/div><!-- close content main div --><\/div><\/div><div id='after_section_3'  class='main_color av_default_container_wrap container_wrap sidebar_right'  ><div class='container av-section-cont-open' ><div class='template-page content  av-content-small alpha units'><div class='post-entry post-entry-type-page post-entry-791'><div class='entry-content-wrapper clearfix'><\/p>\n","protected":false},"excerpt":{"rendered":"","protected":false},"author":3,"featured_media":875,"parent":0,"menu_order":0,"comment_status":"closed","ping_status":"closed","template":"","meta":{"footnotes":""},"class_list":["post-791","page","type-page","status-publish","has-post-thumbnail","hentry"],"yoast_head":"<!-- This site is optimized with the Yoast SEO plugin v27.1.1 - https:\/\/yoast.com\/product\/yoast-seo-wordpress\/ -->\n<title>Chi Siamo - Garaffi Moto<\/title>\n<meta name=\"robots\" content=\"index, follow, max-snippet:-1, max-image-preview:large, max-video-preview:-1\" \/>\n<link rel=\"canonical\" href=\"https:\/\/www.garaffimoto.it\/?page_id=791\" \/>\n<meta property=\"og:locale\" content=\"it_IT\" \/>\n<meta property=\"og:type\" content=\"article\" \/>\n<meta property=\"og:title\" content=\"Chi Siamo - Garaffi Moto\" \/>\n<meta property=\"og:url\" content=\"https:\/\/www.garaffimoto.it\/?page_id=791\" \/>\n<meta property=\"og:site_name\" content=\"Garaffi Moto\" \/>\n<meta property=\"article:publisher\" content=\"https:\/\/www.facebook.com\/garaffimoto.it\/\" \/>\n<meta property=\"article:modified_time\" content=\"2023-07-27T14:20:17+00:00\" \/>\n<meta property=\"og:image\" content=\"https:\/\/www.garaffimoto.it\/wp-content\/uploads\/2018\/09\/LOGO-GARAFFI.png\" \/>\n\t<meta property=\"og:image:width\" content=\"1273\" \/>\n\t<meta property=\"og:image:height\" content=\"225\" \/>\n\t<meta property=\"og:image:type\" content=\"image\/png\" \/>\n<meta name=\"twitter:card\" content=\"summary_large_image\" \/>\n<meta name=\"twitter:label1\" content=\"Tempo di lettura stimato\" \/>\n\t<meta name=\"twitter:data1\" content=\"6 minuti\" \/>\n<script type=\"application\/ld+json\" class=\"yoast-schema-graph\">{\"@context\":\"https:\/\/schema.org\",\"@graph\":[{\"@type\":\"WebPage\",\"@id\":\"https:\/\/www.garaffimoto.it\/?page_id=791\",\"url\":\"https:\/\/www.garaffimoto.it\/?page_id=791\",\"name\":\"Chi Siamo - Garaffi Moto\",\"isPartOf\":{\"@id\":\"https:\/\/www.garaffimoto.it\/#website\"},\"primaryImageOfPage\":{\"@id\":\"https:\/\/www.garaffimoto.it\/?page_id=791#primaryimage\"},\"image\":{\"@id\":\"https:\/\/www.garaffimoto.it\/?page_id=791#primaryimage\"},\"thumbnailUrl\":\"https:\/\/www.garaffimoto.it\/wp-content\/uploads\/2018\/09\/LOGO-GARAFFI.png\",\"datePublished\":\"2016-05-11T11:49:10+00:00\",\"dateModified\":\"2023-07-27T14:20:17+00:00\",\"breadcrumb\":{\"@id\":\"https:\/\/www.garaffimoto.it\/?page_id=791#breadcrumb\"},\"inLanguage\":\"it-IT\",\"potentialAction\":[{\"@type\":\"ReadAction\",\"target\":[\"https:\/\/www.garaffimoto.it\/?page_id=791\"]}]},{\"@type\":\"ImageObject\",\"inLanguage\":\"it-IT\",\"@id\":\"https:\/\/www.garaffimoto.it\/?page_id=791#primaryimage\",\"url\":\"https:\/\/www.garaffimoto.it\/wp-content\/uploads\/2018\/09\/LOGO-GARAFFI.png\",\"contentUrl\":\"https:\/\/www.garaffimoto.it\/wp-content\/uploads\/2018\/09\/LOGO-GARAFFI.png\",\"width\":1273,\"height\":225},{\"@type\":\"BreadcrumbList\",\"@id\":\"https:\/\/www.garaffimoto.it\/?page_id=791#breadcrumb\",\"itemListElement\":[{\"@type\":\"ListItem\",\"position\":1,\"name\":\"Home\",\"item\":\"https:\/\/www.garaffimoto.it\/\"},{\"@type\":\"ListItem\",\"position\":2,\"name\":\"Chi Siamo\"}]},{\"@type\":\"WebSite\",\"@id\":\"https:\/\/www.garaffimoto.it\/#website\",\"url\":\"https:\/\/www.garaffimoto.it\/\",\"name\":\"Garaffi Moto\",\"description\":\"Dal 1973, Concessionaria di moto a Poggibonsi\",\"publisher\":{\"@id\":\"https:\/\/www.garaffimoto.it\/#organization\"},\"potentialAction\":[{\"@type\":\"SearchAction\",\"target\":{\"@type\":\"EntryPoint\",\"urlTemplate\":\"https:\/\/www.garaffimoto.it\/?s={search_term_string}\"},\"query-input\":{\"@type\":\"PropertyValueSpecification\",\"valueRequired\":true,\"valueName\":\"search_term_string\"}}],\"inLanguage\":\"it-IT\"},{\"@type\":\"Organization\",\"@id\":\"https:\/\/www.garaffimoto.it\/#organization\",\"name\":\"Garaffi Moto\",\"url\":\"https:\/\/www.garaffimoto.it\/\",\"logo\":{\"@type\":\"ImageObject\",\"inLanguage\":\"it-IT\",\"@id\":\"https:\/\/www.garaffimoto.it\/#\/schema\/logo\/image\/\",\"url\":\"https:\/\/www.garaffimoto.it\/wp-content\/uploads\/2018\/09\/LOGO-GARAFFI.png\",\"contentUrl\":\"https:\/\/www.garaffimoto.it\/wp-content\/uploads\/2018\/09\/LOGO-GARAFFI.png\",\"width\":1273,\"height\":225,\"caption\":\"Garaffi Moto\"},\"image\":{\"@id\":\"https:\/\/www.garaffimoto.it\/#\/schema\/logo\/image\/\"},\"sameAs\":[\"https:\/\/www.facebook.com\/garaffimoto.it\/\",\"https:\/\/www.instagram.com\/garaffimoto\/\"]}]}<\/script>\n<!-- \/ Yoast SEO plugin. -->","yoast_head_json":{"title":"Chi Siamo - Garaffi Moto","robots":{"index":"index","follow":"follow","max-snippet":"max-snippet:-1","max-image-preview":"max-image-preview:large","max-video-preview":"max-video-preview:-1"},"canonical":"https:\/\/www.garaffimoto.it\/?page_id=791","og_locale":"it_IT","og_type":"article","og_title":"Chi Siamo - Garaffi Moto","og_url":"https:\/\/www.garaffimoto.it\/?page_id=791","og_site_name":"Garaffi Moto","article_publisher":"https:\/\/www.facebook.com\/garaffimoto.it\/","article_modified_time":"2023-07-27T14:20:17+00:00","og_image":[{"width":1273,"height":225,"url":"https:\/\/www.garaffimoto.it\/wp-content\/uploads\/2018\/09\/LOGO-GARAFFI.png","type":"image\/png"}],"twitter_card":"summary_large_image","twitter_misc":{"Tempo di lettura stimato":"6 minuti"},"schema":{"@context":"https:\/\/schema.org","@graph":[{"@type":"WebPage","@id":"https:\/\/www.garaffimoto.it\/?page_id=791","url":"https:\/\/www.garaffimoto.it\/?page_id=791","name":"Chi Siamo - Garaffi Moto","isPartOf":{"@id":"https:\/\/www.garaffimoto.it\/#website"},"primaryImageOfPage":{"@id":"https:\/\/www.garaffimoto.it\/?page_id=791#primaryimage"},"image":{"@id":"https:\/\/www.garaffimoto.it\/?page_id=791#primaryimage"},"thumbnailUrl":"https:\/\/www.garaffimoto.it\/wp-content\/uploads\/2018\/09\/LOGO-GARAFFI.png","datePublished":"2016-05-11T11:49:10+00:00","dateModified":"2023-07-27T14:20:17+00:00","breadcrumb":{"@id":"https:\/\/www.garaffimoto.it\/?page_id=791#breadcrumb"},"inLanguage":"it-IT","potentialAction":[{"@type":"ReadAction","target":["https:\/\/www.garaffimoto.it\/?page_id=791"]}]},{"@type":"ImageObject","inLanguage":"it-IT","@id":"https:\/\/www.garaffimoto.it\/?page_id=791#primaryimage","url":"https:\/\/www.garaffimoto.it\/wp-content\/uploads\/2018\/09\/LOGO-GARAFFI.png","contentUrl":"https:\/\/www.garaffimoto.it\/wp-content\/uploads\/2018\/09\/LOGO-GARAFFI.png","width":1273,"height":225},{"@type":"BreadcrumbList","@id":"https:\/\/www.garaffimoto.it\/?page_id=791#breadcrumb","itemListElement":[{"@type":"ListItem","position":1,"name":"Home","item":"https:\/\/www.garaffimoto.it\/"},{"@type":"ListItem","position":2,"name":"Chi Siamo"}]},{"@type":"WebSite","@id":"https:\/\/www.garaffimoto.it\/#website","url":"https:\/\/www.garaffimoto.it\/","name":"Garaffi Moto","description":"Dal 1973, Concessionaria di moto a Poggibonsi","publisher":{"@id":"https:\/\/www.garaffimoto.it\/#organization"},"potentialAction":[{"@type":"SearchAction","target":{"@type":"EntryPoint","urlTemplate":"https:\/\/www.garaffimoto.it\/?s={search_term_string}"},"query-input":{"@type":"PropertyValueSpecification","valueRequired":true,"valueName":"search_term_string"}}],"inLanguage":"it-IT"},{"@type":"Organization","@id":"https:\/\/www.garaffimoto.it\/#organization","name":"Garaffi Moto","url":"https:\/\/www.garaffimoto.it\/","logo":{"@type":"ImageObject","inLanguage":"it-IT","@id":"https:\/\/www.garaffimoto.it\/#\/schema\/logo\/image\/","url":"https:\/\/www.garaffimoto.it\/wp-content\/uploads\/2018\/09\/LOGO-GARAFFI.png","contentUrl":"https:\/\/www.garaffimoto.it\/wp-content\/uploads\/2018\/09\/LOGO-GARAFFI.png","width":1273,"height":225,"caption":"Garaffi Moto"},"image":{"@id":"https:\/\/www.garaffimoto.it\/#\/schema\/logo\/image\/"},"sameAs":["https:\/\/www.facebook.com\/garaffimoto.it\/","https:\/\/www.instagram.com\/garaffimoto\/"]}]}},"_links":{"self":[{"href":"https:\/\/www.garaffimoto.it\/index.php?rest_route=\/wp\/v2\/pages\/791","targetHints":{"allow":["GET"]}}],"collection":[{"href":"https:\/\/www.garaffimoto.it\/index.php?rest_route=\/wp\/v2\/pages"}],"about":[{"href":"https:\/\/www.garaffimoto.it\/index.php?rest_route=\/wp\/v2\/types\/page"}],"author":[{"embeddable":true,"href":"https:\/\/www.garaffimoto.it\/index.php?rest_route=\/wp\/v2\/users\/3"}],"replies":[{"embeddable":true,"href":"https:\/\/www.garaffimoto.it\/index.php?rest_route=%2Fwp%2Fv2%2Fcomments&post=791"}],"version-history":[{"count":3,"href":"https:\/\/www.garaffimoto.it\/index.php?rest_route=\/wp\/v2\/pages\/791\/revisions"}],"predecessor-version":[{"id":8750,"href":"https:\/\/www.garaffimoto.it\/index.php?rest_route=\/wp\/v2\/pages\/791\/revisions\/8750"}],"wp:featuredmedia":[{"embeddable":true,"href":"https:\/\/www.garaffimoto.it\/index.php?rest_route=\/wp\/v2\/media\/875"}],"wp:attachment":[{"href":"https:\/\/www.garaffimoto.it\/index.php?rest_route=%2Fwp%2Fv2%2Fmedia&parent=791"}],"curies":[{"name":"wp","href":"https:\/\/api.w.org\/{rel}","templated":true}]}}